{"id":189,"date":"2023-03-30T09:25:15","date_gmt":"2023-03-30T09:25:15","guid":{"rendered":"https:\/\/hotel-larios.ms.decms.eu\/privacy-policy\/"},"modified":"2023-03-30T09:26:43","modified_gmt":"2023-03-30T09:26:43","slug":"politica-de-privacidad","status":"publish","type":"page","link":"https:\/\/www.hotellariosmalaga.com\/es\/politica-de-privacidad\/","title":{"rendered":"Pol\u00edtica De Privacidad"},"content":{"rendered":"<p><span style=\"font-weight: 400;\">Ponemos a su disposici\u00f3n la presente Pol\u00edtica de Privacidad con la finalidad de informarle detalladamente sobre c\u00f3mo tratamos sus datos personales y protegemos su privacidad y la informaci\u00f3n que nos proporciona.\u00a0\u00a0<\/span><\/p>\n<p><b>\u00bfQui\u00e9n es el responsable del tratamiento de sus datos?\u00a0<\/b><span style=\"font-weight: 400;\">\u00a0<\/span><\/p>\n<ul>\n<li style=\"font-weight: 400;\" aria-level=\"1\"><span style=\"font-weight: 400;\">\u00a0<\/span><b>Identidad<\/b><span style=\"font-weight: 400;\">: Belagua M\u00e1laga, S.L. CIF: B72917115.<\/span><\/li>\n<li style=\"font-weight: 400;\" aria-level=\"1\"><b>Domicilio<\/b><span style=\"font-weight: 400;\">: Paseo del Club Deportivo, 1, 28223 Pozuelo de Alarc\u00f3n (Madrid).<\/span><\/li>\n<li style=\"font-weight: 400;\" aria-level=\"1\"><b>Correo electr\u00f3nico<\/b><span style=\"font-weight: 400;\">: <\/span><a href=\"mailto:juridico@grupobelagua.com\"><span style=\"font-weight: 400;\">juridico@grupobelagua.com<\/span><\/a><span style=\"font-weight: 400;\">.<\/span><\/li>\n<\/ul>\n<p><b>\u00bfCon qu\u00e9 finalidad tratamos sus datos personales?\u00a0<\/b><span style=\"font-weight: 400;\">\u00a0<\/span><\/p>\n<p><span style=\"font-weight: 400;\">Tratamos los datos personales que nos facilite con los siguientes fines:\u00a0<\/span><\/p>\n<ul>\n<li style=\"font-weight: 400;\" aria-level=\"1\"><span style=\"font-weight: 400;\">La gesti\u00f3n de la relaci\u00f3n con el cliente y la prestaci\u00f3n, facturaci\u00f3n y cobro de los servicios, as\u00ed como la gesti\u00f3n de reservas. El suministro de los datos con este fin por parte de nuestros clientes es obligado, impidi\u00e9ndose, en otro caso, el cumplimiento del contrato.\u00a0\u00a0<\/span><\/li>\n<li style=\"font-weight: 400;\" aria-level=\"1\"><span style=\"font-weight: 400;\">La gesti\u00f3n de las relaciones con nuestros proveedores, as\u00ed como la facturaci\u00f3n y pago de los servicios. Con este fin, es obligatorio que el proveedor nos facilite sus datos, ya que, en caso contrario, no podr\u00eda ejecutarse el contrato.<\/span><span style=\"font-weight: 400;\">\u00a0<\/span><\/li>\n<li style=\"font-weight: 400;\" aria-level=\"1\"><span style=\"font-weight: 400;\">Canalizar las solicitudes de informaci\u00f3n, sugerencias y reclamaciones que nos pueda hacer llegar, contactar con el remitente de la informaci\u00f3n, dar respuesta a su petici\u00f3n o consulta y hacer un seguimiento posterior. El hecho de facilitar los datos con este fin es voluntario, aunque, en caso de no hacerlo, no se podr\u00e1 responder a la solicitud, consulta o reclamaci\u00f3n. Por tanto, la comunicaci\u00f3n de sus datos personales a estos efectos es un requisito necesario para que podamos atender esas peticiones.<\/span><span style=\"font-weight: 400;\">\u00a0<\/span><\/li>\n<li style=\"font-weight: 400;\" aria-level=\"1\"><span style=\"font-weight: 400;\">El env\u00edo de comunicaciones comerciales de nuestros servicios, ofertas y actividades. Si usted es nuestro cliente, le remitiremos dichas comunicaciones, salvo que manifieste su voluntad en contra marcando la correspondiente casilla en el momento de facilitar sus datos o, con posterioridad, comunic\u00e1ndonoslo a trav\u00e9s de cualquier medio.\u00a0\u00a0<\/span><\/li>\n<li style=\"font-weight: 400;\" aria-level=\"1\"><span style=\"font-weight: 400;\">En caso de que nos remita su CV, lo trataremos para disponer de informaci\u00f3n de aquellas personas que desean hacer pr\u00e1cticas y\/o trabajar con nosotros con objeto de poder llevar a cabo los correspondientes procesos de selecci\u00f3n de personal.\u00a0\u00a0<\/span><\/li>\n<li style=\"font-weight: 400;\" aria-level=\"1\"><span style=\"font-weight: 400;\">En caso de que se haga amigo o seguidor nuestro en redes sociales, trataremos sus datos para mantenerle informado de nuestras actividades y promociones a trav\u00e9s de dichos canales. El hecho de facilitar los datos con este fin es voluntario, aunque, en caso de no hacerlo, no podr\u00e1 ser amigo o seguidor nuestro en la correspondiente red social. Las categor\u00edas de datos que se tratan con este fin son datos identificativos.<\/span><span style=\"font-weight: 400;\">\u00a0<\/span><\/li>\n<li style=\"font-weight: 400;\" aria-level=\"1\"><span style=\"font-weight: 400;\">Los datos captados por las c\u00e1maras de videovigilancia existentes en el Hotel son tratados con la finalidad de controlar los accesos al recinto y vigilarlo.<\/span><span style=\"font-weight: 400;\">\u00a0<\/span><\/li>\n<\/ul>\n<p><b>\u00bfDurante cu\u00e1nto tiempo trataremos sus datos?\u00a0<\/b><span style=\"font-weight: 400;\">\u00a0<\/span><\/p>\n<p><span style=\"font-weight: 400;\">S\u00f3lo conservamos sus datos por el periodo de tiempo necesario para cumplir con la finalidad para la que fueron recogidos, dar cumplimiento a las obligaciones legales que nos vienen impuestas y atender las posibles responsabilidades que pudieran derivar del cumplimiento de la finalidad para la que los datos fueron recabados.\u00a0\u00a0<\/span><\/p>\n<p><span style=\"font-weight: 400;\">Los datos para la gesti\u00f3n de la relaci\u00f3n con los clientes y proveedores y la facturaci\u00f3n y cobro de los servicios ser\u00e1n conservados con ese fin durante todo el tiempo en que el contrato est\u00e9 vigente. Una vez finalizada dicha relaci\u00f3n, en su caso, los datos podr\u00e1n ser conservados durante el tiempo exigido por la legislaci\u00f3n aplicable y hasta que prescriban las eventuales responsabilidades derivadas del contrato.<\/span><\/p>\n<p><span style=\"font-weight: 400;\">Los datos para el env\u00edo de comunicaciones comerciales de nuestros servicios, ofertas y actividades ser\u00e1n conservados indefinidamente, hasta que, en su caso, usted nos manifieste su voluntad de suprimirlos o su deseo de dejar de recibir dichas comunicaciones.\u00a0<\/span><\/p>\n<p><span style=\"font-weight: 400;\">Los datos tratados para atender solicitudes, peticiones, consultas o reclamaciones ser\u00e1n conservados durante el tiempo necesario para dar respuesta a ellas y darlas por definitivamente cerradas. Posteriormente, ser\u00e1n conservados a modo de hist\u00f3rico de comunicaciones durante un plazo de un a\u00f1o, salvo que usted solicite su supresi\u00f3n antes.\u00a0\u00a0<\/span><\/p>\n<p><span style=\"font-weight: 400;\">Los datos facilitados para tomar parte en procesos de selecci\u00f3n de personal se incorporar\u00e1n a nuestra bolsa de empleo y se conservar\u00e1n mientras dure el proceso selectivo y, aun despu\u00e9s, hasta que el interesado ejerza su derecho de supresi\u00f3n y por un m\u00e1ximo de dos a\u00f1os desde la \u00faltima actualizaci\u00f3n que el interesado haga de los datos, para poder tenerlos en cuenta en procesos an\u00e1logos que se pudieran realizar en el futuro. A tal fin, el interesado debe mantener actualizados los datos personales que nos suministre; en especial, los relativos a formaci\u00f3n y experiencia profesional.\u00a0\u00a0<\/span><\/p>\n<p><span style=\"font-weight: 400;\">Los datos facilitados a trav\u00e9s de redes sociales ser\u00e1n conservados mientras usted permanezca como amigo o seguidor nuestro en la correspondiente plataforma.\u00a0\u00a0\u00a0<\/span><\/p>\n<p><span style=\"font-weight: 400;\">Los datos captados por las c\u00e1maras de videovigilancia ser\u00e1n conservados durante un periodo m\u00e1ximo de un mes, salvo que fuese necesario conservarlos durante m\u00e1s tiempo por ser conveniente para esclarecer alguna infracci\u00f3n o hecho il\u00edcito detectado.\u00a0<\/span><\/p>\n<p><b>\u00bfCu\u00e1l es la legitimaci\u00f3n para el tratamiento de sus datos?\u00a0<\/b><b>\u00a0<\/b><\/p>\n<p><span style=\"font-weight: 400;\">La base legal para el tratamiento de sus datos es la ejecuci\u00f3n del contrato de alojamiento y servicios accesorios solicitados por usted.\u00a0\u00a0<\/span><\/p>\n<p><span style=\"font-weight: 400;\">La oferta prospectiva de productos y servicios a nuestros clientes tiene como base la satisfacci\u00f3n del inter\u00e9s leg\u00edtimo empresarial consistente en poder ofrecerles la contrataci\u00f3n de otros productos o servicios y conseguir as\u00ed su fidelizaci\u00f3n. Dicho inter\u00e9s leg\u00edtimo se reconoce por la normativa legal aplicable (Reglamento General de Protecci\u00f3n de Datos), que permite expresamente el tratamiento de datos personales sobre esa base legal con fines de mercadotecnia directa. No obstante, le recordamos que tiene usted derecho a oponerse a este tratamiento de sus datos, pudiendo hacerlo por cualquiera de los medios previstos en esta cl\u00e1usula.\u00a0<\/span><\/p>\n<p><span style=\"font-weight: 400;\">El tratamiento de datos personales para la respuesta a sus solicitudes de informaci\u00f3n, peticiones, consultas y reclamaciones tiene como base el consentimiento de la persona interesada. Puede retirarse dicho consentimiento en cualquier momento, si bien ello no afectar\u00e1 a la licitud de los tratamientos efectuados con anterioridad.\u00a0\u00a0<\/span><\/p>\n<p><span style=\"font-weight: 400;\">La base legal para el tratamiento de los datos utilizados en procesos de selecci\u00f3n de personal es el consentimiento, que se manifiesta por el env\u00edo del CV o su participaci\u00f3n en el proceso, pudiendo revocarse en cualquier momento. No obstante, los tratamientos de datos efectuados con anterioridad no perder\u00e1n su licitud por el hecho de que el consentimiento se haya revocado. Adicionalmente, puede que se recaben m\u00e1s datos durante las entrevistas o procesos de selecci\u00f3n de personal, cuyo tratamiento se fundamenta igualmente en el consentimiento.\u00a0<\/span><\/p>\n<p><span style=\"font-weight: 400;\">Los datos facilitados a trav\u00e9s de redes sociales ser\u00e1n tratados sobre la base jur\u00eddica de su consentimiento, pudiendo revocarlo en cualquier momento, aunque ello no afectar\u00e1 a la licitud de los tratamientos efectuados con anterioridad.\u00a0\u00a0<\/span><\/p>\n<p><span style=\"font-weight: 400;\">Las categor\u00edas de datos tratadas en cada caso son las que se soliciten en cada caso el formulario o contrato a trav\u00e9s del cual nos facilite sus datos.\u00a0\u00a0<\/span><\/p>\n<p><span style=\"font-weight: 400;\">La base legitimadora del tratamiento de las im\u00e1genes captadas por las c\u00e1maras de vigilancia es el inter\u00e9s p\u00fablico, recogido en el art\u00edculo 6.1 e) del Reglamento General de Protecci\u00f3n de Datos (RGPD), lo que justifica que los datos sean obtenidos necesariamente por el hecho de acceder al recinto del Hotel.\u00a0\u00a0<\/span><\/p>\n<p><b>\u00bfA qu\u00e9 destinatarios se comunicar\u00e1n sus datos?\u00a0<\/b><\/p>\n<p><span style=\"font-weight: 400;\">Los datos ser\u00e1n comunicados a las siguientes entidades:\u00a0<\/span><\/p>\n<ul>\n<li style=\"font-weight: 400;\" aria-level=\"1\"><span style=\"font-weight: 400;\">Las Administraciones P\u00fablicas competentes, incluidos jueces y tribunales, en los casos previstos en la Ley y para los fines en ella definidos.\u00a0Dentro de estas comunicaciones, se incluye la posible cesi\u00f3n a las autoridades competentes de las im\u00e1genes captadas por las c\u00e1maras de vigilancia.<\/span><\/li>\n<li style=\"font-weight: 400;\" aria-level=\"1\"><span style=\"font-weight: 400;\">Las entidades financieras a trav\u00e9s de las que se articule la gesti\u00f3n de cobros y pagos.\u00a0<\/span><\/li>\n<li style=\"font-weight: 400;\" aria-level=\"1\"><span style=\"font-weight: 400;\">Las restantes empresas de Grupo Belagua, accesibles en www.grupobelagua.com.\u00a0 La finalidad de esta cesi\u00f3n es la gesti\u00f3n centralizada de nuestras actividades y el cumplimiento de fines administrativos internos, incluido el tratamiento de datos personales de clientes o empleados.<\/span><span style=\"font-weight: 400;\">\u00a0<\/span><\/li>\n<\/ul>\n<p><span style=\"font-weight: 400;\">Aunque no se trata de una cesi\u00f3n de datos, puede ser que terceras empresas, que act\u00faan como proveedores nuestros, accedan a su informaci\u00f3n para llevar a cabo el servicio. Estos encargados acceden a sus datos siguiendo nuestras instrucciones y sin que puedan utilizarlos para una finalidad diferente y manteniendo la m\u00e1s estricta confidencialidad y en base a un contrato en el que se comprometen a cumplir las exigencias de la vigente normativa en materia de protecci\u00f3n de datos personales.\u00a0<\/span><\/p>\n<p><b>\u00bfCu\u00e1les son sus derechos cuando nos facilita sus datos?\u00a0<\/b><span style=\"font-weight: 400;\">\u00a0<\/span><\/p>\n<p><span style=\"font-weight: 400;\">Cualquier persona tiene derecho a obtener confirmaci\u00f3n sobre si estamos tratando datos personales que le conciernan, o no. Las personas interesadas tienen derecho a acceder a sus datos personales, as\u00ed como a solicitar la rectificaci\u00f3n de los datos inexactos o, en su caso, solicitar su supresi\u00f3n cuando, entre otros motivos, los datos ya no sean necesarios para los fines para los que fueron recogidos.\u00a0\u00a0<\/span><\/p>\n<p><span style=\"font-weight: 400;\">En las condiciones previstas en el Reglamento General de Protecci\u00f3n de Datos, los interesados podr\u00e1n solicitar la limitaci\u00f3n del tratamiento de sus datos o su portabilidad, en cuyo caso \u00fanicamente los conservaremos para el ejercicio o la defensa de reclamaciones.\u00a0\u00a0<\/span><\/p>\n<p><span style=\"font-weight: 400;\">En determinadas circunstancias y por motivos relacionados con su situaci\u00f3n particular, los interesados podr\u00e1n oponerse al tratamiento de sus datos. Si usted ha otorgado el consentimiento para alguna finalidad espec\u00edfica, tiene derecho a retirarlo en cualquier momento, sin que ello afecte a la licitud del tratamiento basado en el consentimiento previo a su retirada. En estos supuestos dejaremos de tratar los datos o, en su caso, dejaremos de hacerlo para esa finalidad en concreto, salvo por motivos leg\u00edtimos imperiosos, o el ejercicio o la defensa de posibles reclamaciones.\u00a0<\/span><\/p>\n<p><span style=\"font-weight: 400;\">Adem\u00e1s, la normativa en materia de protecci\u00f3n de datos permite que pueda oponerse a ser objeto de decisiones basadas \u00fanicamente en el tratamiento automatizado de sus datos, cuando proceda.\u00a0\u00a0<\/span><\/p>\n<p><span style=\"font-weight: 400;\">Los antedichos derechos se caracterizan por lo siguiente:\u00a0<\/span><\/p>\n<ul>\n<li style=\"font-weight: 400;\" aria-level=\"1\"><span style=\"font-weight: 400;\">Su ejercicio es gratuito, salvo que se trate de solicitudes manifiestamente infundadas o excesivas (p. ej., car\u00e1cter repetitivo), en cuyo caso podr\u00e1 cobrarse un canon proporcional a los costes administrativos soportados o negarse a actuar\u00a0<\/span><\/li>\n<li style=\"font-weight: 400;\" aria-level=\"1\"><span style=\"font-weight: 400;\">Puede ejercer los derechos directamente o por medio de tu representante legal o voluntario, acreditando la representaci\u00f3n.\u00a0<\/span><\/li>\n<li style=\"font-weight: 400;\" aria-level=\"1\"><span style=\"font-weight: 400;\">Se debe responder a su solicitud en el plazo de un mes, aunque, si se tiene en cuenta la complejidad y n\u00famero de solicitudes, se puede prorrogar el plazo en otros dos meses m\u00e1s.\u00a0<\/span><\/li>\n<li style=\"font-weight: 400;\" aria-level=\"1\"><span style=\"font-weight: 400;\">Tenemos la obligaci\u00f3n de informarle sobre los medios para ejercitar estos derechos, los cuales deben ser accesibles y sin poder denegarle el ejercicio del derecho por el solo motivo de optar por otro medio. Si la solicitud se presenta por medios electr\u00f3nicos, la informaci\u00f3n se facilitar\u00e1 por estos medios cuando sea posible, salvo que nos solicite que sea de otro modo.\u00a0<\/span><\/li>\n<li style=\"font-weight: 400;\" aria-level=\"1\"><span style=\"font-weight: 400;\">Si, por cualquier motivo, no se diese curso a la solicitud, le informaremos, a m\u00e1s tardar en un mes, de las razones de ello y de la posibilidad de reclamar ante una Autoridad de Control<\/span><span style=\"font-weight: 400;\">\u00a0<\/span><\/li>\n<\/ul>\n<p><span style=\"font-weight: 400;\">A fin de facilitar el ejercicio de los referidos derechos, le facilitamos a continuaci\u00f3n los enlaces al formulario de solicitud de cada uno de ellos:\u00a0<\/span><\/p>\n<ul>\n<li style=\"font-weight: 400;\" aria-level=\"1\"><a href=\"https:\/\/www.aepd.es\/media\/formularios\/formulario-derecho-de-acceso.pdf\"><span style=\"font-weight: 400;\">Formulario ejercicio del derecho de acceso<\/span><\/a><span style=\"font-weight: 400;\">\u00a0<\/span><\/li>\n<\/ul>\n<ul>\n<li style=\"font-weight: 400;\" aria-level=\"1\"><a href=\"https:\/\/www.aepd.es\/media\/formularios\/formulario-derecho-de-rectificacion.pdf\"><span style=\"font-weight: 400;\">Formulario de ejercicio del derecho de rectificaci\u00f3n<\/span><\/a><span style=\"font-weight: 400;\">\u00a0<\/span><\/li>\n<li style=\"font-weight: 400;\" aria-level=\"1\"><a href=\"https:\/\/www.aepd.es\/media\/formularios\/formulario-derecho-de-oposicion.pdf\"><span style=\"font-weight: 400;\">Formulario de ejercicio del derecho de oposici\u00f3n<\/span><\/a><span style=\"font-weight: 400;\">\u00a0<\/span><\/li>\n<li style=\"font-weight: 400;\" aria-level=\"1\"><a href=\"https:\/\/www.aepd.es\/media\/formularios\/formulario-derecho-de-supresion.pdf\"><span style=\"font-weight: 400;\">Formulario de ejercicio del derecho de supresi\u00f3n (derecho \u201cal olvido\u201d)<\/span><\/a><span style=\"font-weight: 400;\">\u00a0<\/span><\/li>\n<li style=\"font-weight: 400;\" aria-level=\"1\"><a href=\"https:\/\/www.aepd.es\/media\/formularios\/formulario-derecho-de-limitacion.pdf\"><span style=\"font-weight: 400;\">Formulario de ejercicio del derecho a la limitaci\u00f3n del tratamiento<\/span><\/a><span style=\"font-weight: 400;\">\u00a0<\/span><\/li>\n<li style=\"font-weight: 400;\" aria-level=\"1\"><a href=\"https:\/\/www.aepd.es\/media\/formularios\/formulario-derecho-de-portabilidad.pdf\"><span style=\"font-weight: 400;\">Formulario de ejercicios del derecho a la portabilidad<\/span><\/a><span style=\"font-weight: 400;\">\u00a0<\/span><\/li>\n<li style=\"font-weight: 400;\" aria-level=\"1\"><a href=\"https:\/\/www.aepd.es\/media\/formularios\/formulario-derecho-de-oposicion-decisiones-automatizadas.pdf\"><span style=\"font-weight: 400;\">Formulario de ejercicio a no ser objeto de decisiones individuales automatizadas<\/span><\/a><span style=\"font-weight: 400;\">\u00a0<\/span><\/li>\n<\/ul>\n<p>&nbsp;<\/p>\n<p><span style=\"font-weight: 400;\">Todos los derechos mencionados pueden ejercerse a trav\u00e9s de los medios de contacto que figuran al principio de esta cl\u00e1usula.\u00a0<\/span><\/p>\n<p><span style=\"font-weight: 400;\">Todos los derechos mencionados pueden ejercerse a trav\u00e9s de los medios de contacto con la entidad que figuran al principio de esta cl\u00e1usula.\u00a0<\/span><\/p>\n<p><span style=\"font-weight: 400;\">Frente a cualquier vulneraci\u00f3n de sus derechos, especialmente cuando usted no haya obtenido satisfacci\u00f3n en su ejercicio, puede presentar una reclamaci\u00f3n ante la Agencia Espa\u00f1ola de Protecci\u00f3n de Datos (datos de contacto accesibles en www.aepd.es), u otra autoridad de control competente. Tambi\u00e9n puede obtener m\u00e1s informaci\u00f3n sobre los derechos que le asisten dirigi\u00e9ndose a dichos organismos.\u00a0<\/span><\/p>\n<p><b>\u00bfC\u00f3mo protegemos sus datos personales?<\/b><span style=\"font-weight: 400;\">\u00a0<\/span><\/p>\n<p><span style=\"font-weight: 400;\">Tenemos el firme compromiso de proteger los datos personales que tratamos. Utilizamos medidas, controles y procedimientos de car\u00e1cter f\u00edsico, organizativo y tecnol\u00f3gico, razonablemente fiables y efectivos, orientados a preservar la integridad y la seguridad de sus datos y garantizar su privacidad.\u00a0\u00a0<\/span><\/p>\n<p><span style=\"font-weight: 400;\">Adem\u00e1s, todo el personal con acceso a los datos personales ha sido formado y tiene conocimiento de sus obligaciones con relaci\u00f3n a los tratamientos de sus datos personales.\u00a0<\/span><\/p>\n<p><span style=\"font-weight: 400;\">En el caso de los contratos que suscribimos con nuestros proveedores incluimos cl\u00e1usulas en las que se les exige mantener el deber de secreto respecto a los datos de car\u00e1cter personal a los que hayan tenido acceso en virtud del encargo realizado, as\u00ed como implantar las medidas de seguridad t\u00e9cnicas y organizativas necesarias para garantizar la confidencialidad, integridad, disponibilidad y resiliencia permanentes de los sistemas y servicios de tratamiento de los datos personales.\u00a0<\/span><\/p>\n<p><span style=\"font-weight: 400;\">Todas estas medidas de seguridad son revisadas de forma peri\u00f3dica para garantizar su adecuaci\u00f3n y efectividad.\u00a0<\/span><\/p>\n<p><span style=\"font-weight: 400;\">Sin embargo, la seguridad absoluta no se puede garantizar y no existe ning\u00fan sistema de seguridad que sea impenetrable por lo que, en el caso de cualquier informaci\u00f3n objeto de tratamiento y bajo nuestro control se viese comprometida como consecuencia de una brecha de seguridad, tomaremos las medidas adecuadas para investigar el incidente, notificarlo a la Autoridad de Control y, en su caso, a aquellos usuarios que se hubieran podido ver afectados para que tomen las medidas adecuadas.\u00a0\u00a0<\/span><\/p>\n<p><b>\u00bfCu\u00e1l es su responsabilidad como titular de los datos?\u00a0<\/b><b>\u00a0<\/b><\/p>\n<p><span style=\"font-weight: 400;\">Al facilitarnos sus datos personales, la persona que lo haga garantiza que es mayor de 14 a\u00f1os y que los datos facilitados son verdaderos, exactos, completos y actualizados.\u00a0\u00a0<\/span><\/p>\n<p><span style=\"font-weight: 400;\">A estos efectos, el interesado responde de la veracidad de los datos y los deber\u00e1 mantener convenientemente actualizados de modo que respondan a su situaci\u00f3n real, haci\u00e9ndose responsable de los datos falsos e inexactos que pudiera proporcionar, as\u00ed como de los da\u00f1os y perjuicios, directos o indirectos, que pudieran derivarse.\u00a0<\/span><\/p>\n<p><span style=\"font-weight: 400;\">Si usted facilita datos de terceros, asume la responsabilidad de informarles previamente de todo lo previsto en el art\u00edculo 14 del Reglamento General de Protecci\u00f3n de Datos en las condiciones establecidas en dicho precepto.\u00a0<\/span><\/p>\n","protected":false},"excerpt":{"rendered":"<p>Ponemos a su disposici\u00f3n la presente Pol\u00edtica de Privacidad con la finalidad de informarle detalladamente sobre c\u00f3mo tratamos sus datos personales y protegemos su privacidad y la informaci\u00f3n que nos proporciona.\u00a0\u00a0 \u00bfQui\u00e9n es el responsable del tratamiento de sus datos?\u00a0\u00a0 \u00a0Identidad: Belagua M\u00e1laga, S.L. CIF: B72917115. Domicilio: Paseo del Club Deportivo, 1, 28223 Pozuelo de [&hellip;]<\/p>\n","protected":false},"author":479,"featured_media":0,"parent":0,"menu_order":200,"comment_status":"closed","ping_status":"closed","template":"template-default-3.php","meta":{"footnotes":""},"class_list":["post-189","page","type-page","status-publish","hentry"],"yoast_head":"<!-- This site is optimized with the Yoast SEO plugin v26.9 - https:\/\/yoast.com\/product\/yoast-seo-wordpress\/ -->\n<title>Pol\u00edtica De Privacidad | Hotel Larios<\/title>\n<meta name=\"description\" content=\"Ponemos a su disposici\u00f3n la presente Pol\u00edtica de Privacidad con la finalidad de informarle detalladamente sobre c\u00f3mo tratamos sus datos personales y protegemos su privacidad y la informaci\u00f3n que nos proporciona.\u00a0\u00a0  \u00bfQui\u00e9n es el responsable del tratamiento de sus datos?\u00a0\u00a0   \u00a0Identidad: Belagua M\u00e1laga, S.L. CIF: B72917115.  Domicilio: Paseo del Club Deportivo, 1, 28223 Pozuelo de Alarc\u00f3n (Madrid).  Correo electr\u00f3nico: juridico@grupobelagua.com.  \u00bfCon qu\u00e9 finalidad tratamos sus datos personales?\u00a0\u00a0  Tratamos los datos personales que nos facilite con los siguientes fines:\u00a0   La gesti\u00f3n de la relaci\u00f3n con el cliente y la prestaci\u00f3n, facturaci\u00f3n y cobro de los servicios, as\u00ed como la gesti\u00f3n de reservas\" \/>\n<meta name=\"robots\" content=\"index, follow, max-snippet:-1, max-image-preview:large, max-video-preview:-1\" \/>\n<link rel=\"canonical\" href=\"https:\/\/www.hotellariosmalaga.com\/es\/politica-de-privacidad\/\" \/>\n<meta property=\"og:locale\" content=\"es_ES\" \/>\n<meta property=\"og:type\" content=\"article\" \/>\n<meta property=\"og:title\" content=\"Pol\u00edtica De Privacidad | Hotel Larios\" \/>\n<meta property=\"og:description\" content=\"Ponemos a su disposici\u00f3n la presente Pol\u00edtica de Privacidad con la finalidad de informarle detalladamente sobre c\u00f3mo tratamos sus datos personales y protegemos su privacidad y la informaci\u00f3n que nos proporciona.\u00a0\u00a0  \u00bfQui\u00e9n es el responsable del tratamiento de sus datos?\u00a0\u00a0   \u00a0Identidad: Belagua M\u00e1laga, S.L. CIF: B72917115.  Domicilio: Paseo del Club Deportivo, 1, 28223 Pozuelo de Alarc\u00f3n (Madrid).  Correo electr\u00f3nico: juridico@grupobelagua.com.  \u00bfCon qu\u00e9 finalidad tratamos sus datos personales?\u00a0\u00a0  Tratamos los datos personales que nos facilite con los siguientes fines:\u00a0   La gesti\u00f3n de la relaci\u00f3n con el cliente y la prestaci\u00f3n, facturaci\u00f3n y cobro de los servicios, as\u00ed como la gesti\u00f3n de reservas\" \/>\n<meta property=\"og:url\" content=\"https:\/\/www.hotellariosmalaga.com\/es\/politica-de-privacidad\/\" \/>\n<meta property=\"og:site_name\" content=\"Hotel Larios\" \/>\n<meta property=\"article:modified_time\" content=\"2023-03-30T09:26:43+00:00\" \/>\n<meta name=\"twitter:card\" content=\"summary_large_image\" \/>\n<meta name=\"twitter:label1\" content=\"Tiempo de lectura\" \/>\n\t<meta name=\"twitter:data1\" content=\"11 minutos\" \/>\n<script type=\"application\/ld+json\" class=\"yoast-schema-graph\">{\"@context\":\"https:\/\/schema.org\",\"@graph\":[{\"@type\":\"WebPage\",\"@id\":\"https:\/\/www.hotellariosmalaga.com\/es\/politica-de-privacidad\/\",\"url\":\"https:\/\/www.hotellariosmalaga.com\/es\/politica-de-privacidad\/\",\"name\":\"Pol\u00edtica De Privacidad | Hotel Larios\",\"isPartOf\":{\"@id\":\"https:\/\/www.hotellariosmalaga.com\/es\/#website\"},\"datePublished\":\"2023-03-30T09:25:15+00:00\",\"dateModified\":\"2023-03-30T09:26:43+00:00\",\"description\":\"Ponemos a su disposici\u00f3n la presente Pol\u00edtica de Privacidad con la finalidad de informarle detalladamente sobre c\u00f3mo tratamos sus datos personales y protegemos su privacidad y la informaci\u00f3n que nos proporciona.\u00a0\u00a0 \u00bfQui\u00e9n es el responsable del tratamiento de sus datos?\u00a0\u00a0 \u2022 \u00a0Identidad: Belagua M\u00e1laga, S.L. CIF: B72917115. \u2022 Domicilio: Paseo del Club Deportivo, 1, 28223 Pozuelo de Alarc\u00f3n (Madrid). \u2022 Correo electr\u00f3nico: juridico@grupobelagua.com. \u00bfCon qu\u00e9 finalidad tratamos sus datos personales?\u00a0\u00a0 Tratamos los datos personales que nos facilite con los siguientes fines:\u00a0 \u2022 La gesti\u00f3n de la relaci\u00f3n con el cliente y la prestaci\u00f3n, facturaci\u00f3n y cobro de los servicios, as\u00ed como la gesti\u00f3n de reservas\",\"breadcrumb\":{\"@id\":\"https:\/\/www.hotellariosmalaga.com\/es\/politica-de-privacidad\/#breadcrumb\"},\"inLanguage\":\"es\",\"potentialAction\":[{\"@type\":\"ReadAction\",\"target\":[\"https:\/\/www.hotellariosmalaga.com\/es\/politica-de-privacidad\/\"]}]},{\"@type\":\"BreadcrumbList\",\"@id\":\"https:\/\/www.hotellariosmalaga.com\/es\/politica-de-privacidad\/#breadcrumb\",\"itemListElement\":[{\"@type\":\"ListItem\",\"position\":1,\"name\":\"Home\",\"item\":\"https:\/\/www.hotellariosmalaga.com\/es\/\"},{\"@type\":\"ListItem\",\"position\":2,\"name\":\"Pol\u00edtica De Privacidad\"}]},{\"@type\":\"WebSite\",\"@id\":\"https:\/\/www.hotellariosmalaga.com\/es\/#website\",\"url\":\"https:\/\/www.hotellariosmalaga.com\/es\/\",\"name\":\"Hotel Larios\",\"description\":\"Your stay in Malaga\",\"publisher\":{\"@id\":\"https:\/\/www.hotellariosmalaga.com\/es\/#organization\"},\"potentialAction\":[{\"@type\":\"SearchAction\",\"target\":{\"@type\":\"EntryPoint\",\"urlTemplate\":\"https:\/\/www.hotellariosmalaga.com\/es\/?s={search_term_string}\"},\"query-input\":{\"@type\":\"PropertyValueSpecification\",\"valueRequired\":true,\"valueName\":\"search_term_string\"}}],\"inLanguage\":\"es\"},{\"@type\":\"Organization\",\"@id\":\"https:\/\/www.hotellariosmalaga.com\/es\/#organization\",\"name\":\"Hotel Larios\",\"alternateName\":\"Hotel Larios Malaga\",\"url\":\"https:\/\/www.hotellariosmalaga.com\/es\/\",\"logo\":{\"@type\":\"ImageObject\",\"inLanguage\":\"es\",\"@id\":\"https:\/\/www.hotellariosmalaga.com\/es\/#\/schema\/logo\/image\/\",\"url\":\"https:\/\/hotel-larios.ms.decms.eu\/wp-content\/uploads\/sites\/549\/2023\/03\/logo_hotel_larios_v1_b.svg\",\"contentUrl\":\"https:\/\/hotel-larios.ms.decms.eu\/wp-content\/uploads\/sites\/549\/2023\/03\/logo_hotel_larios_v1_b.svg\",\"width\":826,\"height\":213,\"caption\":\"Hotel Larios\"},\"image\":{\"@id\":\"https:\/\/www.hotellariosmalaga.com\/es\/#\/schema\/logo\/image\/\"}}]}<\/script>\n<!-- \/ Yoast SEO plugin. -->","yoast_head_json":{"title":"Pol\u00edtica De Privacidad | Hotel Larios","description":"Ponemos a su disposici\u00f3n la presente Pol\u00edtica de Privacidad con la finalidad de informarle detalladamente sobre c\u00f3mo tratamos sus datos personales y protegemos su privacidad y la informaci\u00f3n que nos proporciona.\u00a0\u00a0  \u00bfQui\u00e9n es el responsable del tratamiento de sus datos?\u00a0\u00a0   \u00a0Identidad: Belagua M\u00e1laga, S.L. CIF: B72917115.  Domicilio: Paseo del Club Deportivo, 1, 28223 Pozuelo de Alarc\u00f3n (Madrid).  Correo electr\u00f3nico: juridico@grupobelagua.com.  \u00bfCon qu\u00e9 finalidad tratamos sus datos personales?\u00a0\u00a0  Tratamos los datos personales que nos facilite con los siguientes fines:\u00a0   La gesti\u00f3n de la relaci\u00f3n con el cliente y la prestaci\u00f3n, facturaci\u00f3n y cobro de los servicios, as\u00ed como la gesti\u00f3n de reservas","robots":{"index":"index","follow":"follow","max-snippet":"max-snippet:-1","max-image-preview":"max-image-preview:large","max-video-preview":"max-video-preview:-1"},"canonical":"https:\/\/www.hotellariosmalaga.com\/es\/politica-de-privacidad\/","og_locale":"es_ES","og_type":"article","og_title":"Pol\u00edtica De Privacidad | Hotel Larios","og_description":"Ponemos a su disposici\u00f3n la presente Pol\u00edtica de Privacidad con la finalidad de informarle detalladamente sobre c\u00f3mo tratamos sus datos personales y protegemos su privacidad y la informaci\u00f3n que nos proporciona.\u00a0\u00a0  \u00bfQui\u00e9n es el responsable del tratamiento de sus datos?\u00a0\u00a0   \u00a0Identidad: Belagua M\u00e1laga, S.L. CIF: B72917115.  Domicilio: Paseo del Club Deportivo, 1, 28223 Pozuelo de Alarc\u00f3n (Madrid).  Correo electr\u00f3nico: juridico@grupobelagua.com.  \u00bfCon qu\u00e9 finalidad tratamos sus datos personales?\u00a0\u00a0  Tratamos los datos personales que nos facilite con los siguientes fines:\u00a0   La gesti\u00f3n de la relaci\u00f3n con el cliente y la prestaci\u00f3n, facturaci\u00f3n y cobro de los servicios, as\u00ed como la gesti\u00f3n de reservas","og_url":"https:\/\/www.hotellariosmalaga.com\/es\/politica-de-privacidad\/","og_site_name":"Hotel Larios","article_modified_time":"2023-03-30T09:26:43+00:00","twitter_card":"summary_large_image","twitter_misc":{"Tiempo de lectura":"11 minutos"},"schema":{"@context":"https:\/\/schema.org","@graph":[{"@type":"WebPage","@id":"https:\/\/www.hotellariosmalaga.com\/es\/politica-de-privacidad\/","url":"https:\/\/www.hotellariosmalaga.com\/es\/politica-de-privacidad\/","name":"Pol\u00edtica De Privacidad | Hotel Larios","isPartOf":{"@id":"https:\/\/www.hotellariosmalaga.com\/es\/#website"},"datePublished":"2023-03-30T09:25:15+00:00","dateModified":"2023-03-30T09:26:43+00:00","description":"Ponemos a su disposici\u00f3n la presente Pol\u00edtica de Privacidad con la finalidad de informarle detalladamente sobre c\u00f3mo tratamos sus datos personales y protegemos su privacidad y la informaci\u00f3n que nos proporciona.\u00a0\u00a0 \u00bfQui\u00e9n es el responsable del tratamiento de sus datos?\u00a0\u00a0 \u2022 \u00a0Identidad: Belagua M\u00e1laga, S.L. CIF: B72917115. \u2022 Domicilio: Paseo del Club Deportivo, 1, 28223 Pozuelo de Alarc\u00f3n (Madrid). \u2022 Correo electr\u00f3nico: juridico@grupobelagua.com. \u00bfCon qu\u00e9 finalidad tratamos sus datos personales?\u00a0\u00a0 Tratamos los datos personales que nos facilite con los siguientes fines:\u00a0 \u2022 La gesti\u00f3n de la relaci\u00f3n con el cliente y la prestaci\u00f3n, facturaci\u00f3n y cobro de los servicios, as\u00ed como la gesti\u00f3n de reservas","breadcrumb":{"@id":"https:\/\/www.hotellariosmalaga.com\/es\/politica-de-privacidad\/#breadcrumb"},"inLanguage":"es","potentialAction":[{"@type":"ReadAction","target":["https:\/\/www.hotellariosmalaga.com\/es\/politica-de-privacidad\/"]}]},{"@type":"BreadcrumbList","@id":"https:\/\/www.hotellariosmalaga.com\/es\/politica-de-privacidad\/#breadcrumb","itemListElement":[{"@type":"ListItem","position":1,"name":"Home","item":"https:\/\/www.hotellariosmalaga.com\/es\/"},{"@type":"ListItem","position":2,"name":"Pol\u00edtica De Privacidad"}]},{"@type":"WebSite","@id":"https:\/\/www.hotellariosmalaga.com\/es\/#website","url":"https:\/\/www.hotellariosmalaga.com\/es\/","name":"Hotel Larios","description":"Your stay in Malaga","publisher":{"@id":"https:\/\/www.hotellariosmalaga.com\/es\/#organization"},"potentialAction":[{"@type":"SearchAction","target":{"@type":"EntryPoint","urlTemplate":"https:\/\/www.hotellariosmalaga.com\/es\/?s={search_term_string}"},"query-input":{"@type":"PropertyValueSpecification","valueRequired":true,"valueName":"search_term_string"}}],"inLanguage":"es"},{"@type":"Organization","@id":"https:\/\/www.hotellariosmalaga.com\/es\/#organization","name":"Hotel Larios","alternateName":"Hotel Larios Malaga","url":"https:\/\/www.hotellariosmalaga.com\/es\/","logo":{"@type":"ImageObject","inLanguage":"es","@id":"https:\/\/www.hotellariosmalaga.com\/es\/#\/schema\/logo\/image\/","url":"https:\/\/hotel-larios.ms.decms.eu\/wp-content\/uploads\/sites\/549\/2023\/03\/logo_hotel_larios_v1_b.svg","contentUrl":"https:\/\/hotel-larios.ms.decms.eu\/wp-content\/uploads\/sites\/549\/2023\/03\/logo_hotel_larios_v1_b.svg","width":826,"height":213,"caption":"Hotel Larios"},"image":{"@id":"https:\/\/www.hotellariosmalaga.com\/es\/#\/schema\/logo\/image\/"}}]}},"acf":[],"_links":{"self":[{"href":"https:\/\/www.hotellariosmalaga.com\/es\/wp-json\/wp\/v2\/pages\/189","targetHints":{"allow":["GET"]}}],"collection":[{"href":"https:\/\/www.hotellariosmalaga.com\/es\/wp-json\/wp\/v2\/pages"}],"about":[{"href":"https:\/\/www.hotellariosmalaga.com\/es\/wp-json\/wp\/v2\/types\/page"}],"author":[{"embeddable":true,"href":"https:\/\/www.hotellariosmalaga.com\/es\/wp-json\/wp\/v2\/users\/479"}],"replies":[{"embeddable":true,"href":"https:\/\/www.hotellariosmalaga.com\/es\/wp-json\/wp\/v2\/comments?post=189"}],"version-history":[{"count":0,"href":"https:\/\/www.hotellariosmalaga.com\/es\/wp-json\/wp\/v2\/pages\/189\/revisions"}],"wp:attachment":[{"href":"https:\/\/www.hotellariosmalaga.com\/es\/wp-json\/wp\/v2\/media?parent=189"}],"curies":[{"name":"wp","href":"https:\/\/api.w.org\/{rel}","templated":true}]}}